{"id":2211,"date":"2020-12-29T20:25:34","date_gmt":"2020-12-29T19:25:34","guid":{"rendered":"https:\/\/www.telebreuleux.ch\/?page_id=2211"},"modified":"2024-11-03T16:11:14","modified_gmt":"2024-11-03T15:11:14","slug":"archiv","status":"publish","type":"page","link":"https:\/\/telebreuleux.ch\/?page_id=2211","title":{"rendered":"Archiv"},"content":{"rendered":"\t\t<div data-elementor-type=\"wp-page\" data-elementor-id=\"2211\" class=\"elementor elementor-2211\">\n\t\t\t\t\t\t<section class=\"elementor-section elementor-top-section elementor-element elementor-element-0f6d929 elementor-section-boxed elementor-section-height-default elementor-section-height-default\" data-id=\"0f6d929\" data-element_type=\"section\" data-e-type=\"section\">\n\t\t\t\t\t\t<div class=\"elementor-container elementor-column-gap-default\">\n\t\t\t\t\t<div class=\"elementor-column elementor-col-100 elementor-top-column elementor-element elementor-element-96adad0\" data-id=\"96adad0\" data-element_type=\"column\" data-e-type=\"column\">\n\t\t\t<div class=\"elementor-widget-wrap elementor-element-populated\">\n\t\t\t\t\t\t<div class=\"elementor-element elementor-element-bb4c293 elementor-position-left elementor-vertical-align-top elementor-widget elementor-widget-image-box\" data-id=\"bb4c293\" data-element_type=\"widget\" data-e-type=\"widget\" data-widget_type=\"image-box.default\">\n\t\t\t\t<div class=\"elementor-widget-container\">\n\t\t\t\t\t<div class=\"elementor-image-box-wrapper\"><figure class=\"elementor-image-box-img\"><a href=\"https:\/\/bnj.tv\/video\/les-teleskis-de-la-region-fonctionnent\/\" tabindex=\"-1\"><img fetchpriority=\"high\" decoding=\"async\" width=\"562\" height=\"378\" src=\"https:\/\/telebreuleux.ch\/wp-content\/uploads\/2021\/01\/BNJ2006.jpg\" class=\"attachment-full size-full wp-image-2253\" alt=\"\" srcset=\"https:\/\/telebreuleux.ch\/wp-content\/uploads\/2021\/01\/BNJ2006.jpg 562w, https:\/\/telebreuleux.ch\/wp-content\/uploads\/2021\/01\/BNJ2006-300x202.jpg 300w\" sizes=\"(max-width: 562px) 100vw, 562px\" \/><\/a><\/figure><div class=\"elementor-image-box-content\"><h3 class=\"elementor-image-box-title\"><a href=\"https:\/\/bnj.tv\/video\/les-teleskis-de-la-region-fonctionnent\/\">BNJ.TV<\/a><\/h3><p class=\"elementor-image-box-description\">Les t\u00e9l\u00e9skis de la r\u00e9gion fonctionnent. Le 4 janvier 2006.<\/p><\/div><\/div>\t\t\t\t<\/div>\n\t\t\t\t<\/div>\n\t\t\t\t<div class=\"elementor-element elementor-element-4c94d1f elementor-position-left elementor-vertical-align-top elementor-widget elementor-widget-image-box\" data-id=\"4c94d1f\" data-element_type=\"widget\" data-e-type=\"widget\" data-widget_type=\"image-box.default\">\n\t\t\t\t<div class=\"elementor-widget-container\">\n\t\t\t\t\t<div class=\"elementor-image-box-wrapper\"><figure class=\"elementor-image-box-img\"><a href=\"https:\/\/rts.ch\/play\/tv\/redirect\/detail\/894162\" tabindex=\"-1\"><img decoding=\"async\" width=\"1016\" height=\"564\" src=\"https:\/\/telebreuleux.ch\/wp-content\/uploads\/2020\/12\/Airboard_canalRTS.jpg\" class=\"attachment-full size-full wp-image-2181\" alt=\"\" srcset=\"https:\/\/telebreuleux.ch\/wp-content\/uploads\/2020\/12\/Airboard_canalRTS.jpg 1016w, https:\/\/telebreuleux.ch\/wp-content\/uploads\/2020\/12\/Airboard_canalRTS-300x167.jpg 300w, https:\/\/telebreuleux.ch\/wp-content\/uploads\/2020\/12\/Airboard_canalRTS-768x426.jpg 768w\" sizes=\"(max-width: 1016px) 100vw, 1016px\" \/><\/a><\/figure><div class=\"elementor-image-box-content\"><h3 class=\"elementor-image-box-title\"><a href=\"https:\/\/rts.ch\/play\/tv\/redirect\/detail\/894162\">Couleurs locales<\/a><\/h3><p class=\"elementor-image-box-description\">Les Breuleux (JU): \u00e0 la d\u00e9couverte de l'Airboard, sorte de luge gonflable. Le 1 mars 2010<\/p><\/div><\/div>\t\t\t\t<\/div>\n\t\t\t\t<\/div>\n\t\t\t\t<div class=\"elementor-element elementor-element-ef6ff67 elementor-position-left elementor-vertical-align-top elementor-widget elementor-widget-image-box\" data-id=\"ef6ff67\" data-element_type=\"widget\" data-e-type=\"widget\" data-widget_type=\"image-box.default\">\n\t\t\t\t<div class=\"elementor-widget-container\">\n\t\t\t\t\t<div class=\"elementor-image-box-wrapper\"><figure class=\"elementor-image-box-img\"><a href=\"https:\/\/www.youtube.com\/watch?v=NI-cb0l7zAM\" tabindex=\"-1\"><img decoding=\"async\" width=\"1280\" height=\"674\" src=\"https:\/\/telebreuleux.ch\/wp-content\/uploads\/2021\/01\/Daniel_Boillat1.jpg\" class=\"attachment-full size-full wp-image-2242\" alt=\"\" srcset=\"https:\/\/telebreuleux.ch\/wp-content\/uploads\/2021\/01\/Daniel_Boillat1.jpg 1280w, https:\/\/telebreuleux.ch\/wp-content\/uploads\/2021\/01\/Daniel_Boillat1-300x158.jpg 300w, https:\/\/telebreuleux.ch\/wp-content\/uploads\/2021\/01\/Daniel_Boillat1-1024x539.jpg 1024w, https:\/\/telebreuleux.ch\/wp-content\/uploads\/2021\/01\/Daniel_Boillat1-768x404.jpg 768w, https:\/\/telebreuleux.ch\/wp-content\/uploads\/2021\/01\/Daniel_Boillat1-1200x632.jpg 1200w\" sizes=\"(max-width: 1280px) 100vw, 1280px\" \/><\/a><\/figure><div class=\"elementor-image-box-content\"><h3 class=\"elementor-image-box-title\"><a href=\"https:\/\/www.youtube.com\/watch?v=NI-cb0l7zAM\">Time lapse - T\u00e9l\u00e9ski Les Breuleux<\/a><\/h3><p class=\"elementor-image-box-description\">Petite animation faite par Daniel Boillat au T\u00e9l\u00e9ski des Breuleux dans le Jura en Suisse. Le 18 janvier 2015.<\/p><\/div><\/div>\t\t\t\t<\/div>\n\t\t\t\t<\/div>\n\t\t\t\t<div class=\"elementor-element elementor-element-f23d482 elementor-position-left elementor-vertical-align-top elementor-widget elementor-widget-image-box\" data-id=\"f23d482\" data-element_type=\"widget\" data-e-type=\"widget\" data-widget_type=\"image-box.default\">\n\t\t\t\t<div class=\"elementor-widget-container\">\n\t\t\t\t\t<div class=\"elementor-image-box-wrapper\"><figure class=\"elementor-image-box-img\"><a href=\"https:\/\/www.canalalpha.ch\/play\/90-secondes\/episode\/937\/la-chambre-a-air-cest-fini=NI-cb0l7zAM\" tabindex=\"-1\"><img loading=\"lazy\" decoding=\"async\" width=\"1095\" height=\"573\" src=\"https:\/\/telebreuleux.ch\/wp-content\/uploads\/2021\/01\/CanalAlpha_20160129.jpg\" class=\"attachment-full size-full wp-image-2266\" alt=\"\" srcset=\"https:\/\/telebreuleux.ch\/wp-content\/uploads\/2021\/01\/CanalAlpha_20160129.jpg 1095w, https:\/\/telebreuleux.ch\/wp-content\/uploads\/2021\/01\/CanalAlpha_20160129-300x157.jpg 300w, https:\/\/telebreuleux.ch\/wp-content\/uploads\/2021\/01\/CanalAlpha_20160129-1024x536.jpg 1024w, https:\/\/telebreuleux.ch\/wp-content\/uploads\/2021\/01\/CanalAlpha_20160129-768x402.jpg 768w\" sizes=\"(max-width: 1095px) 100vw, 1095px\" \/><\/a><\/figure><div class=\"elementor-image-box-content\"><h3 class=\"elementor-image-box-title\"><a href=\"https:\/\/www.canalalpha.ch\/play\/90-secondes\/episode\/937\/la-chambre-a-air-cest-fini=NI-cb0l7zAM\">Canal Alpha<\/a><\/h3><p class=\"elementor-image-box-description\">La chambre \u00e0 air, c'est fini! Le 29 janvier 2016.<\/p><\/div><\/div>\t\t\t\t<\/div>\n\t\t\t\t<\/div>\n\t\t\t\t<div class=\"elementor-element elementor-element-689fa6d elementor-position-left elementor-vertical-align-top elementor-widget elementor-widget-image-box\" data-id=\"689fa6d\" data-element_type=\"widget\" data-e-type=\"widget\" data-widget_type=\"image-box.default\">\n\t\t\t\t<div class=\"elementor-widget-container\">\n\t\t\t\t\t<div class=\"elementor-image-box-wrapper\"><figure class=\"elementor-image-box-img\"><a href=\"https:\/\/www.canalalpha.ch\/play\/cest-du-tout-cuit\/episode\/1068\/michael-perret-responsable-medias-pour-ludesco\" tabindex=\"-1\"><img loading=\"lazy\" decoding=\"async\" width=\"1094\" height=\"577\" src=\"https:\/\/telebreuleux.ch\/wp-content\/uploads\/2021\/01\/CanalAlpha_20160311.jpg\" class=\"attachment-full size-full wp-image-2267\" alt=\"\" srcset=\"https:\/\/telebreuleux.ch\/wp-content\/uploads\/2021\/01\/CanalAlpha_20160311.jpg 1094w, https:\/\/telebreuleux.ch\/wp-content\/uploads\/2021\/01\/CanalAlpha_20160311-300x158.jpg 300w, https:\/\/telebreuleux.ch\/wp-content\/uploads\/2021\/01\/CanalAlpha_20160311-1024x540.jpg 1024w, https:\/\/telebreuleux.ch\/wp-content\/uploads\/2021\/01\/CanalAlpha_20160311-768x405.jpg 768w\" sizes=\"(max-width: 1094px) 100vw, 1094px\" \/><\/a><\/figure><div class=\"elementor-image-box-content\"><h3 class=\"elementor-image-box-title\"><a href=\"https:\/\/www.canalalpha.ch\/play\/cest-du-tout-cuit\/episode\/1068\/michael-perret-responsable-medias-pour-ludesco\">Canal Alpha<\/a><\/h3><p class=\"elementor-image-box-description\">Micha\u00ebl Perret, responsable m\u00e9dias pour Ludesco. Le 11 mars 2016.<\/p><\/div><\/div>\t\t\t\t<\/div>\n\t\t\t\t<\/div>\n\t\t\t\t<div class=\"elementor-element elementor-element-ce3c532 elementor-position-left elementor-vertical-align-top elementor-widget elementor-widget-image-box\" data-id=\"ce3c532\" data-element_type=\"widget\" data-e-type=\"widget\" data-widget_type=\"image-box.default\">\n\t\t\t\t<div class=\"elementor-widget-container\">\n\t\t\t\t\t<div class=\"elementor-image-box-wrapper\"><figure class=\"elementor-image-box-img\"><a href=\"https:\/\/www.canalalpha.ch\/play\/le-journal\/topic\/9050\/linvite-du-journal-ismael-willemin\" tabindex=\"-1\"><img loading=\"lazy\" decoding=\"async\" width=\"1102\" height=\"582\" src=\"https:\/\/telebreuleux.ch\/wp-content\/uploads\/2020\/12\/Ismael_Willemin_25Janvier2017.jpg\" class=\"attachment-full size-full wp-image-2199\" alt=\"\" srcset=\"https:\/\/telebreuleux.ch\/wp-content\/uploads\/2020\/12\/Ismael_Willemin_25Janvier2017.jpg 1102w, https:\/\/telebreuleux.ch\/wp-content\/uploads\/2020\/12\/Ismael_Willemin_25Janvier2017-300x158.jpg 300w, https:\/\/telebreuleux.ch\/wp-content\/uploads\/2020\/12\/Ismael_Willemin_25Janvier2017-1024x541.jpg 1024w, https:\/\/telebreuleux.ch\/wp-content\/uploads\/2020\/12\/Ismael_Willemin_25Janvier2017-768x406.jpg 768w\" sizes=\"(max-width: 1102px) 100vw, 1102px\" \/><\/a><\/figure><div class=\"elementor-image-box-content\"><h3 class=\"elementor-image-box-title\"><a href=\"https:\/\/www.canalalpha.ch\/play\/le-journal\/topic\/9050\/linvite-du-journal-ismael-willemin\">Canal Alpha<\/a><\/h3><p class=\"elementor-image-box-description\">L'invit\u00e9 du journal: Isma\u00ebl Willemin! Le 2 janvier 2017<\/p><\/div><\/div>\t\t\t\t<\/div>\n\t\t\t\t<\/div>\n\t\t\t\t<div class=\"elementor-element elementor-element-4804c9e elementor-position-left elementor-vertical-align-top elementor-widget elementor-widget-image-box\" data-id=\"4804c9e\" data-element_type=\"widget\" data-e-type=\"widget\" data-widget_type=\"image-box.default\">\n\t\t\t\t<div class=\"elementor-widget-container\">\n\t\t\t\t\t<div class=\"elementor-image-box-wrapper\"><figure class=\"elementor-image-box-img\"><a href=\"https:\/\/www.canalalpha.ch\/play\/le-journal\/topic\/9229\/45-ans-de-ski-aux-breuleux-mais-on-na-pas-tout-vu\" tabindex=\"-1\"><img loading=\"lazy\" decoding=\"async\" width=\"1107\" height=\"623\" src=\"https:\/\/telebreuleux.ch\/wp-content\/uploads\/2020\/12\/45eme_CanalAlpha.jpg\" class=\"attachment-full size-full wp-image-2189\" alt=\"\" srcset=\"https:\/\/telebreuleux.ch\/wp-content\/uploads\/2020\/12\/45eme_CanalAlpha.jpg 1107w, https:\/\/telebreuleux.ch\/wp-content\/uploads\/2020\/12\/45eme_CanalAlpha-300x169.jpg 300w, https:\/\/telebreuleux.ch\/wp-content\/uploads\/2020\/12\/45eme_CanalAlpha-1024x576.jpg 1024w, https:\/\/telebreuleux.ch\/wp-content\/uploads\/2020\/12\/45eme_CanalAlpha-768x432.jpg 768w\" sizes=\"(max-width: 1107px) 100vw, 1107px\" \/><\/a><\/figure><div class=\"elementor-image-box-content\"><h3 class=\"elementor-image-box-title\"><a href=\"https:\/\/www.canalalpha.ch\/play\/le-journal\/topic\/9229\/45-ans-de-ski-aux-breuleux-mais-on-na-pas-tout-vu\">Canal Alpha<\/a><\/h3><p class=\"elementor-image-box-description\">45 ans de ski aux Breuleux, mais on n'a pas tout vu! Le 25 janvier 2017<\/p><\/div><\/div>\t\t\t\t<\/div>\n\t\t\t\t<\/div>\n\t\t\t\t<div class=\"elementor-element elementor-element-7033307 elementor-position-left elementor-vertical-align-top elementor-widget elementor-widget-image-box\" data-id=\"7033307\" data-element_type=\"widget\" data-e-type=\"widget\" data-widget_type=\"image-box.default\">\n\t\t\t\t<div class=\"elementor-widget-container\">\n\t\t\t\t\t<div class=\"elementor-image-box-wrapper\"><figure class=\"elementor-image-box-img\"><a href=\"https:\/\/www.canalalpha.ch\/play\/90-secondes\/episode\/1786\/du-ski-a-la-lueur-de-la-lune\" tabindex=\"-1\"><img loading=\"lazy\" decoding=\"async\" width=\"1097\" height=\"646\" src=\"https:\/\/telebreuleux.ch\/wp-content\/uploads\/2020\/12\/Clair_de_lune_canalaAlpha.jpg\" class=\"attachment-full size-full wp-image-2206\" alt=\"\" srcset=\"https:\/\/telebreuleux.ch\/wp-content\/uploads\/2020\/12\/Clair_de_lune_canalaAlpha.jpg 1097w, https:\/\/telebreuleux.ch\/wp-content\/uploads\/2020\/12\/Clair_de_lune_canalaAlpha-300x177.jpg 300w, https:\/\/telebreuleux.ch\/wp-content\/uploads\/2020\/12\/Clair_de_lune_canalaAlpha-1024x603.jpg 1024w, https:\/\/telebreuleux.ch\/wp-content\/uploads\/2020\/12\/Clair_de_lune_canalaAlpha-768x452.jpg 768w\" sizes=\"(max-width: 1097px) 100vw, 1097px\" \/><\/a><\/figure><div class=\"elementor-image-box-content\"><h3 class=\"elementor-image-box-title\"><a href=\"https:\/\/www.canalalpha.ch\/play\/90-secondes\/episode\/1786\/du-ski-a-la-lueur-de-la-lune\">Canal Alpha<\/a><\/h3><p class=\"elementor-image-box-description\">Du ski \u00e0 la lueur de la lune. Le 14 f\u00e9vrier 2017<\/p><\/div><\/div>\t\t\t\t<\/div>\n\t\t\t\t<\/div>\n\t\t\t\t<div class=\"elementor-element elementor-element-c71eec9 elementor-position-left elementor-vertical-align-top elementor-widget elementor-widget-image-box\" data-id=\"c71eec9\" data-element_type=\"widget\" data-e-type=\"widget\" data-widget_type=\"image-box.default\">\n\t\t\t\t<div class=\"elementor-widget-container\">\n\t\t\t\t\t<div class=\"elementor-image-box-wrapper\"><figure class=\"elementor-image-box-img\"><a href=\"https:\/\/www.canalalpha.ch\/play\/90-secondes\/episode\/21175\/ca-bobe-ou-ca-bosse\" tabindex=\"-1\"><img loading=\"lazy\" decoding=\"async\" width=\"1101\" height=\"578\" src=\"https:\/\/telebreuleux.ch\/wp-content\/uploads\/2021\/01\/CanalAlpha_20201230.jpg\" class=\"attachment-full size-full wp-image-2258\" alt=\"\" srcset=\"https:\/\/telebreuleux.ch\/wp-content\/uploads\/2021\/01\/CanalAlpha_20201230.jpg 1101w, https:\/\/telebreuleux.ch\/wp-content\/uploads\/2021\/01\/CanalAlpha_20201230-300x157.jpg 300w, https:\/\/telebreuleux.ch\/wp-content\/uploads\/2021\/01\/CanalAlpha_20201230-1024x538.jpg 1024w, https:\/\/telebreuleux.ch\/wp-content\/uploads\/2021\/01\/CanalAlpha_20201230-768x403.jpg 768w\" sizes=\"(max-width: 1101px) 100vw, 1101px\" \/><\/a><\/figure><div class=\"elementor-image-box-content\"><h3 class=\"elementor-image-box-title\"><a href=\"https:\/\/www.canalalpha.ch\/play\/90-secondes\/episode\/21175\/ca-bobe-ou-ca-bosse\">Canal Alpha<\/a><\/h3><p class=\"elementor-image-box-description\">\u00c7a bobe ou \u00e7a bosse? Le 30 d\u00e9cembre 2020.<\/p><\/div><\/div>\t\t\t\t<\/div>\n\t\t\t\t<\/div>\n\t\t\t\t<div class=\"elementor-element elementor-element-2a231d9 elementor-position-left elementor-vertical-align-top elementor-widget elementor-widget-image-box\" data-id=\"2a231d9\" data-element_type=\"widget\" data-e-type=\"widget\" data-widget_type=\"image-box.default\">\n\t\t\t\t<div class=\"elementor-widget-container\">\n\t\t\t\t\t<div class=\"elementor-image-box-wrapper\"><figure class=\"elementor-image-box-img\"><a href=\"https:\/\/www.canalalpha.ch\/play\/90-secondes\/episode\/21315\/airbord-in-les-breuleux\" tabindex=\"-1\"><img loading=\"lazy\" decoding=\"async\" width=\"1102\" height=\"574\" src=\"https:\/\/telebreuleux.ch\/wp-content\/uploads\/2021\/01\/Airboard.webp\" class=\"attachment-full size-full wp-image-2376\" alt=\"\" srcset=\"https:\/\/telebreuleux.ch\/wp-content\/uploads\/2021\/01\/Airboard.webp 1102w, https:\/\/telebreuleux.ch\/wp-content\/uploads\/2021\/01\/Airboard-300x156.webp 300w, https:\/\/telebreuleux.ch\/wp-content\/uploads\/2021\/01\/Airboard-1024x533.jpg 1024w, https:\/\/telebreuleux.ch\/wp-content\/uploads\/2021\/01\/Airboard-768x400.jpg 768w\" sizes=\"(max-width: 1102px) 100vw, 1102px\" \/><\/a><\/figure><div class=\"elementor-image-box-content\"><h3 class=\"elementor-image-box-title\"><a href=\"https:\/\/www.canalalpha.ch\/play\/90-secondes\/episode\/21315\/airbord-in-les-breuleux\">Canal Alpha<\/a><\/h3><p class=\"elementor-image-box-description\">Airbord aux Breuleux. Le 13 janvier 2021.<\/p><\/div><\/div>\t\t\t\t<\/div>\n\t\t\t\t<\/div>\n\t\t\t\t<div class=\"elementor-element elementor-element-fbdf131 elementor-position-left elementor-vertical-align-top elementor-widget elementor-widget-image-box\" data-id=\"fbdf131\" data-element_type=\"widget\" data-e-type=\"widget\" data-widget_type=\"image-box.default\">\n\t\t\t\t<div class=\"elementor-widget-container\">\n\t\t\t\t\t<div class=\"elementor-image-box-wrapper\"><figure class=\"elementor-image-box-img\"><a href=\"https:\/\/www.telebreuleux.ch\/wp-content\/uploads\/2021\/01\/Couleurs_Locales_20210127.mp4?_=1\" tabindex=\"-1\"><img loading=\"lazy\" decoding=\"async\" width=\"1677\" height=\"943\" src=\"https:\/\/telebreuleux.ch\/wp-content\/uploads\/2021\/01\/Couleurs_locales.webp\" class=\"attachment-full size-full wp-image-2468\" alt=\"\" srcset=\"https:\/\/telebreuleux.ch\/wp-content\/uploads\/2021\/01\/Couleurs_locales.webp 1677w, https:\/\/telebreuleux.ch\/wp-content\/uploads\/2021\/01\/Couleurs_locales-300x169.webp 300w, https:\/\/telebreuleux.ch\/wp-content\/uploads\/2021\/01\/Couleurs_locales-1024x576.webp 1024w, https:\/\/telebreuleux.ch\/wp-content\/uploads\/2021\/01\/Couleurs_locales-768x432.webp 768w, https:\/\/telebreuleux.ch\/wp-content\/uploads\/2021\/01\/Couleurs_locales-1536x864.webp 1536w, https:\/\/telebreuleux.ch\/wp-content\/uploads\/2021\/01\/Couleurs_locales-1200x675.webp 1200w\" sizes=\"(max-width: 1677px) 100vw, 1677px\" \/><\/a><\/figure><div class=\"elementor-image-box-content\"><h3 class=\"elementor-image-box-title\"><a href=\"https:\/\/www.telebreuleux.ch\/wp-content\/uploads\/2021\/01\/Couleurs_Locales_20210127.mp4?_=1\">Couleurs Locales<\/a><\/h3><p class=\"elementor-image-box-description\">Les Breuleux. Le 27 janvier 2021.<\/p><\/div><\/div>\t\t\t\t<\/div>\n\t\t\t\t<\/div>\n\t\t\t\t<div class=\"elementor-element elementor-element-969b59a elementor-position-left elementor-vertical-align-top elementor-widget elementor-widget-image-box\" data-id=\"969b59a\" data-element_type=\"widget\" data-e-type=\"widget\" data-widget_type=\"image-box.default\">\n\t\t\t\t<div class=\"elementor-widget-container\">\n\t\t\t\t\t<div class=\"elementor-image-box-wrapper\"><figure class=\"elementor-image-box-img\"><a href=\"https:\/\/www.rts.ch\/play\/tv\/-\/video\/-?urn=urn:rts:video:12798093\" tabindex=\"-1\"><img loading=\"lazy\" decoding=\"async\" width=\"1677\" height=\"943\" src=\"https:\/\/telebreuleux.ch\/wp-content\/uploads\/2021\/01\/Couleurs_locales.webp\" class=\"attachment-full size-full wp-image-2468\" alt=\"\" srcset=\"https:\/\/telebreuleux.ch\/wp-content\/uploads\/2021\/01\/Couleurs_locales.webp 1677w, https:\/\/telebreuleux.ch\/wp-content\/uploads\/2021\/01\/Couleurs_locales-300x169.webp 300w, https:\/\/telebreuleux.ch\/wp-content\/uploads\/2021\/01\/Couleurs_locales-1024x576.webp 1024w, https:\/\/telebreuleux.ch\/wp-content\/uploads\/2021\/01\/Couleurs_locales-768x432.webp 768w, https:\/\/telebreuleux.ch\/wp-content\/uploads\/2021\/01\/Couleurs_locales-1536x864.webp 1536w, https:\/\/telebreuleux.ch\/wp-content\/uploads\/2021\/01\/Couleurs_locales-1200x675.webp 1200w\" sizes=\"(max-width: 1677px) 100vw, 1677px\" \/><\/a><\/figure><div class=\"elementor-image-box-content\"><h3 class=\"elementor-image-box-title\"><a href=\"https:\/\/www.rts.ch\/play\/tv\/-\/video\/-?urn=urn:rts:video:12798093\">Couleurs Locales<\/a><\/h3><p class=\"elementor-image-box-description\">Les Breuleux. Le 18 janvier 2022.\n50 Jahren<\/p><\/div><\/div>\t\t\t\t<\/div>\n\t\t\t\t<\/div>\n\t\t\t\t<div class=\"elementor-element elementor-element-a763618 elementor-position-left elementor-vertical-align-top elementor-widget elementor-widget-image-box\" data-id=\"a763618\" data-element_type=\"widget\" data-e-type=\"widget\" data-widget_type=\"image-box.default\">\n\t\t\t\t<div class=\"elementor-widget-container\">\n\t\t\t\t\t<div class=\"elementor-image-box-wrapper\"><figure class=\"elementor-image-box-img\"><a href=\"https:\/\/www.canalalpha.ch\/play\/90-secondes\" tabindex=\"-1\"><img loading=\"lazy\" decoding=\"async\" width=\"1920\" height=\"752\" src=\"https:\/\/telebreuleux.ch\/wp-content\/uploads\/2022\/01\/CanalAlpha_20220121.webp\" class=\"attachment-full size-full wp-image-2623\" alt=\"\" srcset=\"https:\/\/telebreuleux.ch\/wp-content\/uploads\/2022\/01\/CanalAlpha_20220121.webp 1920w, https:\/\/telebreuleux.ch\/wp-content\/uploads\/2022\/01\/CanalAlpha_20220121-300x118.webp 300w, https:\/\/telebreuleux.ch\/wp-content\/uploads\/2022\/01\/CanalAlpha_20220121-1024x401.webp 1024w, https:\/\/telebreuleux.ch\/wp-content\/uploads\/2022\/01\/CanalAlpha_20220121-768x301.webp 768w, https:\/\/telebreuleux.ch\/wp-content\/uploads\/2022\/01\/CanalAlpha_20220121-1536x602.webp 1536w, https:\/\/telebreuleux.ch\/wp-content\/uploads\/2022\/01\/CanalAlpha_20220121-1200x470.webp 1200w\" sizes=\"(max-width: 1920px) 100vw, 1920px\" \/><\/a><\/figure><div class=\"elementor-image-box-content\"><h3 class=\"elementor-image-box-title\"><a href=\"https:\/\/www.canalalpha.ch\/play\/90-secondes\">Canal Alpha<\/a><\/h3><p class=\"elementor-image-box-description\">Les Breuleux. Le 21 janvier 2022.\n50 Jahren<\/p><\/div><\/div>\t\t\t\t<\/div>\n\t\t\t\t<\/div>\n\t\t\t\t<div class=\"elementor-element elementor-element-ad1f8d7 elementor-position-left elementor-vertical-align-top elementor-widget elementor-widget-image-box\" data-id=\"ad1f8d7\" data-element_type=\"widget\" data-e-type=\"widget\" data-widget_type=\"image-box.default\">\n\t\t\t\t<div class=\"elementor-widget-container\">\n\t\t\t\t\t<div class=\"elementor-image-box-wrapper\"><figure class=\"elementor-image-box-img\"><a href=\"https:\/\/www.canalalpha.ch\/play\/90-secondes\" tabindex=\"-1\"><img loading=\"lazy\" decoding=\"async\" width=\"1197\" height=\"680\" src=\"https:\/\/telebreuleux.ch\/wp-content\/uploads\/2022\/01\/50-ans_slalom.webp\" class=\"attachment-full size-full wp-image-2645\" alt=\"\" srcset=\"https:\/\/telebreuleux.ch\/wp-content\/uploads\/2022\/01\/50-ans_slalom.webp 1197w, https:\/\/telebreuleux.ch\/wp-content\/uploads\/2022\/01\/50-ans_slalom-300x170.webp 300w, https:\/\/telebreuleux.ch\/wp-content\/uploads\/2022\/01\/50-ans_slalom-1024x582.webp 1024w, https:\/\/telebreuleux.ch\/wp-content\/uploads\/2022\/01\/50-ans_slalom-768x436.webp 768w\" sizes=\"(max-width: 1197px) 100vw, 1197px\" \/><\/a><\/figure><div class=\"elementor-image-box-content\"><h3 class=\"elementor-image-box-title\"><a href=\"https:\/\/www.canalalpha.ch\/play\/90-secondes\">Canal Alpha<\/a><\/h3><p class=\"elementor-image-box-description\">Les Breuleux. Le 23 janvier 2022. Cinquante ans en slalom<\/p><\/div><\/div>\t\t\t\t<\/div>\n\t\t\t\t<\/div>\n\t\t\t\t<div class=\"elementor-element elementor-element-bfc3829 elementor-position-left elementor-vertical-align-top elementor-widget elementor-widget-image-box\" data-id=\"bfc3829\" data-element_type=\"widget\" data-e-type=\"widget\" data-widget_type=\"image-box.default\">\n\t\t\t\t<div class=\"elementor-widget-container\">\n\t\t\t\t\t<div class=\"elementor-image-box-wrapper\"><figure class=\"elementor-image-box-img\"><a href=\"https:\/\/telebreuleux.ch\/wp-content\/uploads\/2023\/01\/Heureux-mais-pas-encore-sereins-aux-Breuleux-Canal-Alpha.mp4\" tabindex=\"-1\"><img loading=\"lazy\" decoding=\"async\" width=\"1095\" height=\"618\" src=\"https:\/\/telebreuleux.ch\/wp-content\/uploads\/2023\/01\/Heureux-mais-pas-encore-sereins-aux-Breuleux-Canal-Alpha.webp\" class=\"attachment-full size-full wp-image-2774\" alt=\"\" srcset=\"https:\/\/telebreuleux.ch\/wp-content\/uploads\/2023\/01\/Heureux-mais-pas-encore-sereins-aux-Breuleux-Canal-Alpha.webp 1095w, https:\/\/telebreuleux.ch\/wp-content\/uploads\/2023\/01\/Heureux-mais-pas-encore-sereins-aux-Breuleux-Canal-Alpha-300x169.webp 300w, https:\/\/telebreuleux.ch\/wp-content\/uploads\/2023\/01\/Heureux-mais-pas-encore-sereins-aux-Breuleux-Canal-Alpha-1024x578.webp 1024w, https:\/\/telebreuleux.ch\/wp-content\/uploads\/2023\/01\/Heureux-mais-pas-encore-sereins-aux-Breuleux-Canal-Alpha-768x433.webp 768w\" sizes=\"(max-width: 1095px) 100vw, 1095px\" \/><\/a><\/figure><div class=\"elementor-image-box-content\"><h3 class=\"elementor-image-box-title\"><a href=\"https:\/\/telebreuleux.ch\/wp-content\/uploads\/2023\/01\/Heureux-mais-pas-encore-sereins-aux-Breuleux-Canal-Alpha.mp4\">Canal Alpha<\/a><\/h3><p class=\"elementor-image-box-description\">Les Breuleux. Le 22 janvier 2023. Heureux, mais pas encore sereins aux Breuleux<\/p><\/div><\/div>\t\t\t\t<\/div>\n\t\t\t\t<\/div>\n\t\t\t\t<div class=\"elementor-element elementor-element-75657bc elementor-position-left elementor-vertical-align-top elementor-widget elementor-widget-image-box\" data-id=\"75657bc\" data-element_type=\"widget\" data-e-type=\"widget\" data-widget_type=\"image-box.default\">\n\t\t\t\t<div class=\"elementor-widget-container\">\n\t\t\t\t\t<div class=\"elementor-image-box-wrapper\"><figure class=\"elementor-image-box-img\"><img loading=\"lazy\" decoding=\"async\" width=\"800\" height=\"557\" src=\"https:\/\/telebreuleux.ch\/wp-content\/uploads\/2024\/02\/Ismael.webp\" class=\"attachment-full size-full wp-image-3421\" alt=\"\" srcset=\"https:\/\/telebreuleux.ch\/wp-content\/uploads\/2024\/02\/Ismael.webp 800w, https:\/\/telebreuleux.ch\/wp-content\/uploads\/2024\/02\/Ismael-300x209.webp 300w, https:\/\/telebreuleux.ch\/wp-content\/uploads\/2024\/02\/Ismael-768x535.webp 768w\" sizes=\"(max-width: 800px) 100vw, 800px\" \/><\/figure><div class=\"elementor-image-box-content\"><h3 class=\"elementor-image-box-title\">Adieu l'Ami<\/h3><p class=\"elementor-image-box-description\">Tu nous manques.<\/p><\/div><\/div>\t\t\t\t<\/div>\n\t\t\t\t<\/div>\n\t\t\t\t\t<\/div>\n\t\t<\/div>\n\t\t\t\t\t<\/div>\n\t\t<\/section>\n\t\t\t\t<\/div>\n\t\t","protected":false},"excerpt":{"rendered":"<p>BNJ.TV Les t\u00e9l\u00e9skis de la r\u00e9gion fonctionnent. Le 4 janvier 2006. Couleurs locales Les Breuleux (JU): \u00e0 la d\u00e9couverte de l&rsquo;Airboard, sorte de luge gonflable. Le 1 mars 2010 Time lapse &#8211; T\u00e9l\u00e9ski Les Breuleux Petite animation faite par Daniel Boillat au T\u00e9l\u00e9ski des Breuleux dans le Jura en Suisse.&hellip;<\/p>\n<p class=\"more-link-wrapper\"><a class=\"more-link\" href=\"https:\/\/telebreuleux.ch\/?page_id=2211\">Read More<\/a><\/p>\n","protected":false},"author":1,"featured_media":0,"parent":0,"menu_order":0,"comment_status":"closed","ping_status":"closed","template":"","meta":{"footnotes":""},"class_list":["post-2211","page","type-page","status-publish","hentry"],"_links":{"self":[{"href":"https:\/\/telebreuleux.ch\/index.php?rest_route=\/wp\/v2\/pages\/2211","targetHints":{"allow":["GET"]}}],"collection":[{"href":"https:\/\/telebreuleux.ch\/index.php?rest_route=\/wp\/v2\/pages"}],"about":[{"href":"https:\/\/telebreuleux.ch\/index.php?rest_route=\/wp\/v2\/types\/page"}],"author":[{"embeddable":true,"href":"https:\/\/telebreuleux.ch\/index.php?rest_route=\/wp\/v2\/users\/1"}],"replies":[{"embeddable":true,"href":"https:\/\/telebreuleux.ch\/index.php?rest_route=%2Fwp%2Fv2%2Fcomments&post=2211"}],"version-history":[{"count":52,"href":"https:\/\/telebreuleux.ch\/index.php?rest_route=\/wp\/v2\/pages\/2211\/revisions"}],"predecessor-version":[{"id":3464,"href":"https:\/\/telebreuleux.ch\/index.php?rest_route=\/wp\/v2\/pages\/2211\/revisions\/3464"}],"wp:attachment":[{"href":"https:\/\/telebreuleux.ch\/index.php?rest_route=%2Fwp%2Fv2%2Fmedia&parent=2211"}],"curies":[{"name":"wp","href":"https:\/\/api.w.org\/{rel}","templated":true}]}}