{"id":490,"date":"2018-12-23T08:55:45","date_gmt":"2018-12-23T07:55:45","guid":{"rendered":"https:\/\/www.telebreuleux.ch\/?page_id=490"},"modified":"2025-06-11T11:54:03","modified_gmt":"2025-06-11T09:54:03","slug":"buvette-ete","status":"publish","type":"page","link":"https:\/\/telebreuleux.ch\/?page_id=490","title":{"rendered":"Buvette \u00e9t\u00e9"},"content":{"rendered":"\t\t<div data-elementor-type=\"wp-post\" data-elementor-id=\"490\" class=\"elementor elementor-490\">\n\t\t\t\t\t\t<section class=\"elementor-section elementor-top-section elementor-element elementor-element-90c4b6a elementor-section-boxed elementor-section-height-default elementor-section-height-default\" data-id=\"90c4b6a\" data-element_type=\"section\" data-e-type=\"section\">\n\t\t\t\t\t\t<div class=\"elementor-container elementor-column-gap-default\">\n\t\t\t\t\t<div class=\"elementor-column elementor-col-100 elementor-top-column elementor-element elementor-element-f2929b7\" data-id=\"f2929b7\" data-element_type=\"column\" data-e-type=\"column\">\n\t\t\t<div class=\"elementor-widget-wrap elementor-element-populated\">\n\t\t\t\t\t\t<section class=\"elementor-section elementor-inner-section elementor-element elementor-element-f5ea262 elementor-section-boxed elementor-section-height-default elementor-section-height-default\" data-id=\"f5ea262\" data-element_type=\"section\" data-e-type=\"section\">\n\t\t\t\t\t\t<div class=\"elementor-container elementor-column-gap-default\">\n\t\t\t\t\t<div class=\"elementor-column elementor-col-50 elementor-inner-column elementor-element elementor-element-ac4596e\" data-id=\"ac4596e\" data-element_type=\"column\" data-e-type=\"column\">\n\t\t\t<div class=\"elementor-widget-wrap elementor-element-populated\">\n\t\t\t\t\t\t<div class=\"elementor-element elementor-element-6427001 elementor-widget elementor-widget-wp-widget-metaslider_widget\" data-id=\"6427001\" data-element_type=\"widget\" data-e-type=\"widget\" data-widget_type=\"wp-widget-metaslider_widget.default\">\n\t\t\t\t<div class=\"elementor-widget-container\">\n\t\t\t\t\t<h5>La buvette en \u00e9t\u00e9&#8230;<\/h5><div id=\"metaslider-id-816\" style=\"max-width: 800px;\" class=\"ml-slider-3-108-0 metaslider metaslider-flex metaslider-816 ml-slider has-dots-nav ms-theme-default\" role=\"region\" aria-label=\"Buvette_ete\" data-height=\"600\" data-width=\"800\">\n    <div id=\"metaslider_container_816\">\n        <div id=\"metaslider_816\">\n            <ul class='slides'>\n                <li style=\"display: block; width: 100%;\" class=\"slide-817 ms-image \" aria-roledescription=\"slide\" data-date=\"2018-12-26 14:59:45\" data-filename=\"ib_p005_0_2-378x284.jpg\" data-slide-type=\"image\"><img fetchpriority=\"high\" decoding=\"async\" src=\"https:\/\/telebreuleux.ch\/wp-content\/uploads\/2018\/12\/ib_p005_0_2-378x284.jpg\" height=\"600\" width=\"800\" alt=\"\" class=\"slider-816 slide-817 msDefaultImage\" title=\"Buvette\" \/><\/li>\n                <li style=\"display: none; width: 100%;\" class=\"slide-818 ms-image \" aria-roledescription=\"slide\" data-date=\"2018-12-26 14:59:59\" data-filename=\"ib_p005_0_4-336x252.jpg\" data-slide-type=\"image\"><img decoding=\"async\" src=\"https:\/\/telebreuleux.ch\/wp-content\/uploads\/2018\/12\/ib_p005_0_4-336x252.jpg\" height=\"600\" width=\"800\" alt=\"\" class=\"slider-816 slide-818 msDefaultImage\" title=\"Int\u00e9rieur Buvette\" \/><\/li>\n                <li style=\"display: none; width: 100%;\" class=\"slide-820 ms-image \" aria-roledescription=\"slide\" data-date=\"2018-12-26 15:00:21\" data-filename=\"ib_p005_0_5-329x247.jpg\" data-slide-type=\"image\"><img decoding=\"async\" src=\"https:\/\/telebreuleux.ch\/wp-content\/uploads\/2018\/12\/ib_p005_0_5-329x247.jpg\" height=\"600\" width=\"800\" alt=\"\" class=\"slider-816 slide-820 msDefaultImage\" title=\"Int\u00e9rieur Buvette\" \/><\/li>\n                <li style=\"display: none; width: 100%;\" class=\"slide-822 ms-image \" aria-roledescription=\"slide\" data-date=\"2018-12-26 15:00:42\" data-filename=\"ib_p005_0_6-340x255.jpg\" data-slide-type=\"image\"><img loading=\"lazy\" decoding=\"async\" src=\"https:\/\/telebreuleux.ch\/wp-content\/uploads\/2018\/12\/ib_p005_0_6-340x255.jpg\" height=\"600\" width=\"800\" alt=\"\" class=\"slider-816 slide-822 msDefaultImage\" title=\"Dortoir Ouest\" \/><\/li>\n                <li style=\"display: none; width: 100%;\" class=\"slide-824 ms-image \" aria-roledescription=\"slide\" data-date=\"2018-12-26 15:01:01\" data-filename=\"Photo-cuisine-457x343.jpg\" data-slide-type=\"image\"><img loading=\"lazy\" decoding=\"async\" src=\"https:\/\/telebreuleux.ch\/wp-content\/uploads\/2018\/12\/Photo-cuisine-457x343.jpg\" height=\"600\" width=\"800\" alt=\"\" class=\"slider-816 slide-824 msDefaultImage\" title=\"Photo cuisine\" \/><\/li>\n            <\/ul>\n        <\/div>\n        \n    <\/div>\n<\/div>\t\t\t\t<\/div>\n\t\t\t\t<\/div>\n\t\t\t\t\t<\/div>\n\t\t<\/div>\n\t\t\t\t<div class=\"elementor-column elementor-col-50 elementor-inner-column elementor-element elementor-element-5536004\" data-id=\"5536004\" data-element_type=\"column\" data-e-type=\"column\">\n\t\t\t<div class=\"elementor-widget-wrap elementor-element-populated\">\n\t\t\t\t\t\t<div class=\"elementor-element elementor-element-2831f5d elementor-widget elementor-widget-text-editor\" data-id=\"2831f5d\" data-element_type=\"widget\" data-e-type=\"widget\" data-widget_type=\"text-editor.default\">\n\t\t\t\t<div class=\"elementor-widget-container\">\n\t\t\t\t\t\t\t\t\t<p><span style=\"color: #000000;\"><span class=\"ff2 fc0 fs10 fi \">A l&rsquo;occasion d&rsquo;anniversaires, f\u00eates de familles, rassemblement de soci\u00e9t\u00e9s, manifestation, toute autre r\u00e9union, nous offrons la possibilit\u00e9 de r\u00e9server la buvette le temps d&rsquo;un week-end ou en semaine (limites de disponibilit\u00e9).<\/span><\/span><\/p>\n<p>D&rsquo;avril \u00e0 fin novembre, vous avez la possibilit\u00e9 de louer int\u00e9gralement ou partiellement la buvette (avec \/sans dortoir). Nos 3 dortoirs permettent d&rsquo;h\u00e9berger jusqu&rsquo;\u00e0 85 personnes (50 \/ 30 \/ 5).<\/p>\n<p>Nos deux salles peuvent accueillir jusqu&rsquo;\u00e0 150 personnes au total. Une grande terrasse, place de grillade, parking \u00e0 50m, en pleine nature au coeur des Franches-Montagnes.<br \/>A quelques minutes seulement du Centre de Loisirs des Franches-Montagnes, de l&rsquo;\u00e9tang de la Gru\u00e8re, du Golf des Bois, du rocher des Somm\u00eatres au Noirmont, ainsi que le Doubs et ses kilom\u00e8tres de cano\u00eb.<\/p>\n<p>Pour les camps sportifs, ou simples randonn\u00e9es, vous avez l&rsquo;acc\u00e8s direct sur les pistes cyclables VTT, randonn\u00e9es p\u00e9destres et \u00e9questres du Jura. A 15 minutes \u00e0 pied du parc \u00e9olien de Mont-Soleil.<\/p>\n<p>N&rsquo;h\u00e9sitez plus, r\u00e9servez d\u00e8s maintenant ! <span class=\"ff2 fc3 fs12 fb fi \"><a class=\"ImLink\" style=\"color: #000000;\" title=\"\" href=\"mailto:buvette@telebreuleux.ch\"> buvette@telebreuleux.ch<\/a><\/span> <span class=\"ff2 fc0 fs10 fi \">ou par t\u00e9l\u00e9phone \u00e0 Claude Rebetez <\/span><span class=\"ff2 fc3 fs10 fb fi \">(+41) 032 954 14 93<\/span><\/p>\t\t\t\t\t\t\t\t<\/div>\n\t\t\t\t<\/div>\n\t\t\t\t\t<\/div>\n\t\t<\/div>\n\t\t\t\t\t<\/div>\n\t\t<\/section>\n\t\t\t\t\t<\/div>\n\t\t<\/div>\n\t\t\t\t\t<\/div>\n\t\t<\/section>\n\t\t\t\t<section class=\"elementor-section elementor-top-section elementor-element elementor-element-f407a86 elementor-section-boxed elementor-section-height-default elementor-section-height-default\" data-id=\"f407a86\" data-element_type=\"section\" data-e-type=\"section\">\n\t\t\t\t\t\t<div class=\"elementor-container elementor-column-gap-default\">\n\t\t\t\t\t<div class=\"elementor-column elementor-col-100 elementor-top-column elementor-element elementor-element-081f15e\" data-id=\"081f15e\" data-element_type=\"column\" data-e-type=\"column\">\n\t\t\t<div class=\"elementor-widget-wrap elementor-element-populated\">\n\t\t\t\t\t\t<section class=\"elementor-section elementor-inner-section elementor-element elementor-element-c1996a1 elementor-section-boxed elementor-section-height-default elementor-section-height-default\" data-id=\"c1996a1\" data-element_type=\"section\" data-e-type=\"section\">\n\t\t\t\t\t\t<div class=\"elementor-container elementor-column-gap-default\">\n\t\t\t\t\t<div class=\"elementor-column elementor-col-50 elementor-inner-column elementor-element elementor-element-6f28d55\" data-id=\"6f28d55\" data-element_type=\"column\" data-e-type=\"column\">\n\t\t\t<div class=\"elementor-widget-wrap elementor-element-populated\">\n\t\t\t\t\t\t<div class=\"elementor-element elementor-element-ad68979 elementor-widget elementor-widget-text-editor\" data-id=\"ad68979\" data-element_type=\"widget\" data-e-type=\"widget\" data-widget_type=\"text-editor.default\">\n\t\t\t\t<div class=\"elementor-widget-container\">\n\t\t\t\t\t\t\t\t\t<h4><span style=\"color: #000000;\">Tarif par jour<\/span><\/h4>\n<p><!-- \/wp:tadv\/classic-paragraph --><!-- wp:tadv\/classic-paragraph --><\/p>\n<table style=\"border-style: solid; border-color: #000000;\">\n<tbody>\n<tr>\n<td><span style=\"color: #000000;\">Sans dortoir<\/span><\/td>\n<td style=\"text-align: right;\"><span style=\"color: #000000;\">230.00<\/span><\/td>\n<\/tr>\n<tr>\n<td><span style=\"color: #000000;\">Avec 1 dortoir<\/span><\/td>\n<td style=\"text-align: right;\"><span style=\"color: #000000;\">290.00<\/span><\/td>\n<\/tr>\n<tr>\n<td><span style=\"color: #000000;\">Avec 2 dortoirs<\/span><\/td>\n<td style=\"text-align: right;\"><span style=\"color: #000000;\">350.00<\/span><\/td>\n<\/tr>\n<\/tbody>\n<\/table>\n<p><!-- \/wp:tadv\/classic-paragraph --><!-- wp:tadv\/classic-paragraph --><\/p>\t\t\t\t\t\t\t\t<\/div>\n\t\t\t\t<\/div>\n\t\t\t\t\t<\/div>\n\t\t<\/div>\n\t\t\t\t<div class=\"elementor-column elementor-col-50 elementor-inner-column elementor-element elementor-element-e4482d6\" data-id=\"e4482d6\" data-element_type=\"column\" data-e-type=\"column\">\n\t\t\t<div class=\"elementor-widget-wrap elementor-element-populated\">\n\t\t\t\t\t\t<div class=\"elementor-element elementor-element-9aad293 elementor-widget elementor-widget-text-editor\" data-id=\"9aad293\" data-element_type=\"widget\" data-e-type=\"widget\" data-widget_type=\"text-editor.default\">\n\t\t\t\t<div class=\"elementor-widget-container\">\n\t\t\t\t\t\t\t\t\t<h4><span style=\"color: #000000;\">Tarif en semaine (lu-ve)<\/span><\/h4>\n<p><!-- \/wp:tadv\/classic-paragraph --><!-- wp:tadv\/classic-paragraph --><\/p>\n<table style=\"border-style: solid; border-color: #000000; height: 84px;\">\n<tbody>\n<tr style=\"height: 21px;\">\n<td style=\"height: 21px; width: 424.483px;\"><span style=\"color: #000000;\">3 jours<\/span><\/td>\n<td style=\"height: 21px; width: 122.517px;\"><span style=\"color: #000000;\">660.00<\/span><\/td>\n<\/tr>\n<tr style=\"height: 21px;\">\n<td style=\"height: 21px; width: 424.483px;\"><span style=\"color: #000000;\">4 jours<\/span><\/td>\n<td style=\"height: 21px; width: 122.517px;\"><span style=\"color: #000000;\">860.00<\/span><\/td>\n<\/tr>\n<tr style=\"height: 21px;\">\n<td style=\"height: 21px; width: 424.483px;\"><span style=\"color: #000000;\">5 jours<\/span><\/td>\n<td style=\"height: 21px; width: 122.517px;\"><span style=\"color: #000000;\">1060.00<\/span><\/td>\n<\/tr>\n<tr style=\"height: 21px;\">\n<td style=\"height: 21px; width: 424.483px;\"><span style=\"color: #000000;\">1 semaine compl\u00e8te (lu-ve \/ sa-di)<\/span><\/td>\n<td style=\"height: 21px; width: 122.517px;\"><span style=\"color: #000000;\">1500.00<\/span><\/td>\n<\/tr>\n<\/tbody>\n<\/table>\t\t\t\t\t\t\t\t<\/div>\n\t\t\t\t<\/div>\n\t\t\t\t\t<\/div>\n\t\t<\/div>\n\t\t\t\t\t<\/div>\n\t\t<\/section>\n\t\t\t\t\t<\/div>\n\t\t<\/div>\n\t\t\t\t\t<\/div>\n\t\t<\/section>\n\t\t\t\t<section class=\"elementor-section elementor-top-section elementor-element elementor-element-3a9f18e elementor-section-boxed elementor-section-height-default elementor-section-height-default\" data-id=\"3a9f18e\" data-element_type=\"section\" data-e-type=\"section\">\n\t\t\t\t\t\t<div class=\"elementor-container elementor-column-gap-default\">\n\t\t\t\t\t<div class=\"elementor-column elementor-col-100 elementor-top-column elementor-element elementor-element-0554143\" data-id=\"0554143\" data-element_type=\"column\" data-e-type=\"column\">\n\t\t\t<div class=\"elementor-widget-wrap elementor-element-populated\">\n\t\t\t\t\t\t<section class=\"elementor-section elementor-inner-section elementor-element elementor-element-53b4397 elementor-section-boxed elementor-section-height-default elementor-section-height-default\" data-id=\"53b4397\" data-element_type=\"section\" data-e-type=\"section\">\n\t\t\t\t\t\t<div class=\"elementor-container elementor-column-gap-default\">\n\t\t\t\t\t<div class=\"elementor-column elementor-col-50 elementor-inner-column elementor-element elementor-element-61a6a08\" data-id=\"61a6a08\" data-element_type=\"column\" data-e-type=\"column\">\n\t\t\t<div class=\"elementor-widget-wrap elementor-element-populated\">\n\t\t\t\t\t\t<div class=\"elementor-element elementor-element-189d1d10 elementor-widget elementor-widget-text-editor\" data-id=\"189d1d10\" data-element_type=\"widget\" data-e-type=\"widget\" data-widget_type=\"text-editor.default\">\n\t\t\t\t<div class=\"elementor-widget-container\">\n\t\t\t\t\t\t\t\t\t<!-- wp:tadv\/classic-paragraph --><!-- \/wp:tadv\/classic-paragraph --><!-- wp:image {\"id\":499} -->\n<figure class=\"wp-block-image\"><\/figure>\n<!-- \/wp:image --><!-- wp:tadv\/classic-paragraph --><!-- \/wp:tadv\/classic-paragraph --><!-- wp:tadv\/classic-paragraph --><!-- \/wp:tadv\/classic-paragraph --><!-- wp:tadv\/classic-paragraph --><!-- \/wp:tadv\/classic-paragraph --><!-- wp:tadv\/classic-paragraph --><!-- \/wp:tadv\/classic-paragraph --><!-- wp:tadv\/classic-paragraph --><!-- \/wp:tadv\/classic-paragraph --><!-- wp:tadv\/classic-paragraph -->\n<p><span style=\"color: #000000;\">Nos tarifs s&rsquo;entendent en francs suisses. Le change en Euro s&rsquo;effectue selon le cours du jour.<\/span><\/p>\n<p><span style=\"color: #ff0000;\"><strong>Non inclus :<\/strong><\/span> <span style=\"color: #000000;\">\u00e9lectricit\u00e9, t\u00e9l\u00e9phone, chauffage, nettoyages \u00e9ventuels.<\/span><\/p>\n<!-- \/wp:tadv\/classic-paragraph -->\t\t\t\t\t\t\t\t<\/div>\n\t\t\t\t<\/div>\n\t\t\t\t\t<\/div>\n\t\t<\/div>\n\t\t\t\t<div class=\"elementor-column elementor-col-50 elementor-inner-column elementor-element elementor-element-c4392ed\" data-id=\"c4392ed\" data-element_type=\"column\" data-e-type=\"column\">\n\t\t\t<div class=\"elementor-widget-wrap elementor-element-populated\">\n\t\t\t\t\t\t<div class=\"elementor-element elementor-element-b9e50d1 elementor-widget elementor-widget-image\" data-id=\"b9e50d1\" data-element_type=\"widget\" data-e-type=\"widget\" data-widget_type=\"image.default\">\n\t\t\t\t<div class=\"elementor-widget-container\">\n\t\t\t\t\t\t\t\t\t\t\t\t\t\t\t<img loading=\"lazy\" decoding=\"async\" width=\"379\" height=\"343\" src=\"https:\/\/telebreuleux.ch\/wp-content\/uploads\/2018\/12\/Personnage-T\u00e9l\u00e9ski-SA-Les-Breuleux-Et\u00e9.jpg\" class=\"attachment-large size-large wp-image-814\" alt=\"\" srcset=\"https:\/\/telebreuleux.ch\/wp-content\/uploads\/2018\/12\/Personnage-T\u00e9l\u00e9ski-SA-Les-Breuleux-Et\u00e9.jpg 379w, https:\/\/telebreuleux.ch\/wp-content\/uploads\/2018\/12\/Personnage-T\u00e9l\u00e9ski-SA-Les-Breuleux-Et\u00e9-300x272.jpg 300w\" sizes=\"(max-width: 379px) 100vw, 379px\" \/>\t\t\t\t\t\t\t\t\t\t\t\t\t\t\t<\/div>\n\t\t\t\t<\/div>\n\t\t\t\t\t<\/div>\n\t\t<\/div>\n\t\t\t\t\t<\/div>\n\t\t<\/section>\n\t\t\t\t\t<\/div>\n\t\t<\/div>\n\t\t\t\t\t<\/div>\n\t\t<\/section>\n\t\t\t\t<section class=\"elementor-section elementor-top-section elementor-element elementor-element-0e87852 elementor-section-boxed elementor-section-height-default elementor-section-height-default\" data-id=\"0e87852\" data-element_type=\"section\" data-e-type=\"section\">\n\t\t\t\t\t\t<div class=\"elementor-container elementor-column-gap-default\">\n\t\t\t\t\t<div class=\"elementor-column elementor-col-100 elementor-top-column elementor-element elementor-element-ee5040f\" data-id=\"ee5040f\" data-element_type=\"column\" data-e-type=\"column\">\n\t\t\t<div class=\"elementor-widget-wrap elementor-element-populated\">\n\t\t\t\t\t\t<div class=\"elementor-element elementor-element-6f2805a elementor-widget elementor-widget-heading\" data-id=\"6f2805a\" data-element_type=\"widget\" data-e-type=\"widget\" data-widget_type=\"heading.default\">\n\t\t\t\t<div class=\"elementor-widget-container\">\n\t\t\t\t\t<h2 class=\"elementor-heading-title elementor-size-default\">Calendrier des r\u00e9servations<\/h2>\t\t\t\t<\/div>\n\t\t\t\t<\/div>\n\t\t\t\t<div class=\"elementor-element elementor-element-0db96f1 elementor-widget elementor-widget-shortcode\" data-id=\"0db96f1\" data-element_type=\"widget\" data-e-type=\"widget\" data-widget_type=\"shortcode.default\">\n\t\t\t\t<div class=\"elementor-widget-container\">\n\t\t\t\t\t\t\t<div class=\"elementor-shortcode\"><iframe src=\"https:\/\/calendar.google.com\/calendar\/embed?height=600&wkst=2&bgcolor=%23ffffff&ctz=Europe%2FZurich&src=c2MzOWowMDA3aXZyZ2wzbzh0NmxsYm1pNHNAZ3JvdXAuY2FsZW5kYXIuZ29vZ2xlLmNvbQ&color=%23D50000\" style=\"border:solid 1px #777\" width=\"800\" height=\"600\" frameborder=\"0\" scrolling=\"no\"><\/iframe><\/div>\n\t\t\t\t\t\t<\/div>\n\t\t\t\t<\/div>\n\t\t\t\t\t<\/div>\n\t\t<\/div>\n\t\t\t\t\t<\/div>\n\t\t<\/section>\n\t\t\t\t<\/div>\n\t\t","protected":false},"excerpt":{"rendered":"<p>A l&rsquo;occasion d&rsquo;anniversaires, f\u00eates de familles, rassemblement de soci\u00e9t\u00e9s, manifestation, toute autre r\u00e9union, nous offrons la possibilit\u00e9 de r\u00e9server la buvette le temps d&rsquo;un week-end ou en semaine (limites de disponibilit\u00e9). D&rsquo;avril \u00e0 fin novembre, vous avez la possibilit\u00e9 de louer int\u00e9gralement ou partiellement la buvette (avec \/sans dortoir). Nos&hellip;<\/p>\n<p class=\"more-link-wrapper\"><a class=\"more-link\" href=\"https:\/\/telebreuleux.ch\/?page_id=490\">Read More<\/a><\/p>\n","protected":false},"author":1,"featured_media":0,"parent":0,"menu_order":0,"comment_status":"closed","ping_status":"closed","template":"","meta":{"footnotes":""},"class_list":["post-490","page","type-page","status-publish","hentry"],"_links":{"self":[{"href":"https:\/\/telebreuleux.ch\/index.php?rest_route=\/wp\/v2\/pages\/490","targetHints":{"allow":["GET"]}}],"collection":[{"href":"https:\/\/telebreuleux.ch\/index.php?rest_route=\/wp\/v2\/pages"}],"about":[{"href":"https:\/\/telebreuleux.ch\/index.php?rest_route=\/wp\/v2\/types\/page"}],"author":[{"embeddable":true,"href":"https:\/\/telebreuleux.ch\/index.php?rest_route=\/wp\/v2\/users\/1"}],"replies":[{"embeddable":true,"href":"https:\/\/telebreuleux.ch\/index.php?rest_route=%2Fwp%2Fv2%2Fcomments&post=490"}],"version-history":[{"count":29,"href":"https:\/\/telebreuleux.ch\/index.php?rest_route=\/wp\/v2\/pages\/490\/revisions"}],"predecessor-version":[{"id":3582,"href":"https:\/\/telebreuleux.ch\/index.php?rest_route=\/wp\/v2\/pages\/490\/revisions\/3582"}],"wp:attachment":[{"href":"https:\/\/telebreuleux.ch\/index.php?rest_route=%2Fwp%2Fv2%2Fmedia&parent=490"}],"curies":[{"name":"wp","href":"https:\/\/api.w.org\/{rel}","templated":true}]}}