{"id":515,"date":"2018-12-23T10:09:32","date_gmt":"2018-12-23T09:09:32","guid":{"rendered":"https:\/\/www.telebreuleux.ch\/?page_id=515"},"modified":"2018-12-27T11:39:03","modified_gmt":"2018-12-27T10:39:03","slug":"restaurant","status":"publish","type":"page","link":"https:\/\/telebreuleux.ch\/?page_id=515&lang=de","title":{"rendered":"Restaurant"},"content":{"rendered":"\t\t<div data-elementor-type=\"wp-post\" data-elementor-id=\"515\" class=\"elementor elementor-515 elementor-bc-flex-widget\">\n\t\t\t\t\t\t<section class=\"elementor-section elementor-top-section elementor-element elementor-element-7e08341 elementor-section-boxed elementor-section-height-default elementor-section-height-default\" data-id=\"7e08341\" data-element_type=\"section\" data-e-type=\"section\">\n\t\t\t\t\t\t<div class=\"elementor-container elementor-column-gap-default\">\n\t\t\t\t\t<div class=\"elementor-column elementor-col-100 elementor-top-column elementor-element elementor-element-c976b27\" data-id=\"c976b27\" data-element_type=\"column\" data-e-type=\"column\">\n\t\t\t<div class=\"elementor-widget-wrap elementor-element-populated\">\n\t\t\t\t\t\t<section class=\"elementor-section elementor-inner-section elementor-element elementor-element-64da15c elementor-section-boxed elementor-section-height-default elementor-section-height-default\" data-id=\"64da15c\" data-element_type=\"section\" data-e-type=\"section\">\n\t\t\t\t\t\t<div class=\"elementor-container elementor-column-gap-default\">\n\t\t\t\t\t<div class=\"elementor-column elementor-col-50 elementor-inner-column elementor-element elementor-element-8372551\" data-id=\"8372551\" data-element_type=\"column\" data-e-type=\"column\">\n\t\t\t<div class=\"elementor-widget-wrap elementor-element-populated\">\n\t\t\t\t\t\t<div class=\"elementor-element elementor-element-a6a7ec7 elementor-widget elementor-widget-text-editor\" data-id=\"a6a7ec7\" data-element_type=\"widget\" data-e-type=\"widget\" data-widget_type=\"text-editor.default\">\n\t\t\t\t<div class=\"elementor-widget-container\">\n\t\t\t\t\t\t\t\t\t<div class=\"elementor-element elementor-element-5858fb3 elementor-column elementor-col-50 elementor-inner-column\" data-id=\"5858fb3\" data-element_type=\"column\"><div class=\"elementor-column-wrap elementor-element-populated\"><div class=\"elementor-widget-wrap\"><div class=\"elementor-element elementor-element-3885170 elementor-widget elementor-widget-text-editor\" data-id=\"3885170\" data-element_type=\"text-editor.default\"><div class=\"elementor-widget-container\"><div class=\"elementor-text-editor elementor-clearfix\"><div class=\"text-wrap tlid-copy-target\"><p class=\"result-shield-container tlid-copy-target\"><span class=\"tlid-translation translation\" style=\"color: #000000;\"><span class=\"\" title=\"\">In unseren einladenden R\u00e4umlichkeiten k\u00f6nnen Sie in freundlicher Atmosph\u00e4re trinken, essen und Zeit verbringen.<\/span><br \/><br \/><span title=\"\">Im Sommer k\u00f6nnen diese R\u00e4umlichkeiten gemietet werden.<\/span> <span title=\"\">(siehe Restaurant im Sommer)<\/span><\/span><\/p><\/div><div class=\"tlid-result-transliteration-container result-transliteration-container transliteration-container\"><div class=\"tlid-transliteration-content transliteration-content full\">\u00a0<\/div><\/div><\/div><\/div><\/div><\/div><\/div><\/div>\t\t\t\t\t\t\t\t<\/div>\n\t\t\t\t<\/div>\n\t\t\t\t\t<\/div>\n\t\t<\/div>\n\t\t\t\t<div class=\"elementor-column elementor-col-50 elementor-inner-column elementor-element elementor-element-c4269a8\" data-id=\"c4269a8\" data-element_type=\"column\" data-e-type=\"column\">\n\t\t\t<div class=\"elementor-widget-wrap elementor-element-populated\">\n\t\t\t\t\t\t<div class=\"elementor-element elementor-element-0d1d222 elementor-widget elementor-widget-wp-widget-metaslider_widget\" data-id=\"0d1d222\" data-element_type=\"widget\" data-e-type=\"widget\" data-widget_type=\"wp-widget-metaslider_widget.default\">\n\t\t\t\t<div class=\"elementor-widget-container\">\n\t\t\t\t\t<div id=\"metaslider-id-692\" style=\"max-width: 800px;\" class=\"ml-slider-3-108-0 metaslider metaslider-flex metaslider-692 ml-slider has-dots-nav ms-theme-default\" role=\"region\" aria-label=\"Buvette\" data-height=\"600\" data-width=\"800\">\n    <div id=\"metaslider_container_692\">\n        <div id=\"metaslider_692\">\n            <ul class='slides'>\n                <li style=\"display: block; width: 100%;\" class=\"slide-714 ms-image \" aria-roledescription=\"slide\" data-date=\"2018-12-26 10:45:47\" data-filename=\"ib_p005_0_4-336x252.jpg\" data-slide-type=\"image\"><img fetchpriority=\"high\" decoding=\"async\" src=\"https:\/\/telebreuleux.ch\/wp-content\/uploads\/2018\/12\/ib_p005_0_4-336x252.jpg\" height=\"600\" width=\"800\" alt=\"\" class=\"slider-692 slide-714 msDefaultImage\" title=\"Salle Buvette\" \/><\/li>\n                <li style=\"display: none; width: 100%;\" class=\"slide-716 ms-image \" aria-roledescription=\"slide\" data-date=\"2018-12-26 10:46:17\" data-filename=\"ib_p005_0_2-378x284.jpg\" data-slide-type=\"image\"><img decoding=\"async\" src=\"https:\/\/telebreuleux.ch\/wp-content\/uploads\/2018\/12\/ib_p005_0_2-378x284.jpg\" height=\"600\" width=\"800\" alt=\"\" class=\"slider-692 slide-716 msDefaultImage\" title=\"Buvette\" \/><\/li>\n                <li style=\"display: none; width: 100%;\" class=\"slide-718 ms-image \" aria-roledescription=\"slide\" data-date=\"2018-12-26 10:46:54\" data-filename=\"ib_p001_0_5-2-378x284.jpg\" data-slide-type=\"image\"><img decoding=\"async\" src=\"https:\/\/telebreuleux.ch\/wp-content\/uploads\/2018\/12\/ib_p001_0_5-2-378x284.jpg\" height=\"600\" width=\"800\" alt=\"\" class=\"slider-692 slide-718 msDefaultImage\" title=\"Buvette et piste Telebob &amp; Babylift\" \/><\/li>\n                <li style=\"display: none; width: 100%;\" class=\"slide-765 ms-image \" aria-roledescription=\"slide\" data-date=\"2018-12-26 13:23:19\" data-filename=\"P1020154.jpg\" data-slide-type=\"image\"><img loading=\"lazy\" decoding=\"async\" src=\"https:\/\/telebreuleux.ch\/wp-content\/uploads\/2018\/12\/P1020154.jpg\" height=\"600\" width=\"800\" alt=\"\" class=\"slider-692 slide-765 msDefaultImage\" title=\"Buvette\" \/><\/li>\n                <li style=\"display: none; width: 100%;\" class=\"slide-767 ms-image \" aria-roledescription=\"slide\" data-date=\"2018-12-26 13:23:34\" data-filename=\"P1020153-800x600.jpg\" data-slide-type=\"image\"><img loading=\"lazy\" decoding=\"async\" src=\"https:\/\/telebreuleux.ch\/wp-content\/uploads\/2018\/12\/P1020153-800x600.jpg\" height=\"600\" width=\"800\" alt=\"\" class=\"slider-692 slide-767 msDefaultImage\" title=\"Buvette\" \/><\/li>\n            <\/ul>\n        <\/div>\n        \n    <\/div>\n<\/div>\t\t\t\t<\/div>\n\t\t\t\t<\/div>\n\t\t\t\t\t<\/div>\n\t\t<\/div>\n\t\t\t\t\t<\/div>\n\t\t<\/section>\n\t\t\t\t\t<\/div>\n\t\t<\/div>\n\t\t\t\t\t<\/div>\n\t\t<\/section>\n\t\t\t\t<\/div>\n\t\t","protected":false},"excerpt":{"rendered":"<p>In unseren einladenden R\u00e4umlichkeiten k\u00f6nnen Sie in freundlicher Atmosph\u00e4re trinken, essen und Zeit verbringen. Im Sommer k\u00f6nnen diese R\u00e4umlichkeiten gemietet werden. (siehe Restaurant im Sommer) \u00a0<\/p>\n","protected":false},"author":1,"featured_media":0,"parent":0,"menu_order":0,"comment_status":"closed","ping_status":"closed","template":"","meta":{"footnotes":""},"class_list":["post-515","page","type-page","status-publish","hentry"],"_links":{"self":[{"href":"https:\/\/telebreuleux.ch\/index.php?rest_route=\/wp\/v2\/pages\/515","targetHints":{"allow":["GET"]}}],"collection":[{"href":"https:\/\/telebreuleux.ch\/index.php?rest_route=\/wp\/v2\/pages"}],"about":[{"href":"https:\/\/telebreuleux.ch\/index.php?rest_route=\/wp\/v2\/types\/page"}],"author":[{"embeddable":true,"href":"https:\/\/telebreuleux.ch\/index.php?rest_route=\/wp\/v2\/users\/1"}],"replies":[{"embeddable":true,"href":"https:\/\/telebreuleux.ch\/index.php?rest_route=%2Fwp%2Fv2%2Fcomments&post=515"}],"version-history":[{"count":4,"href":"https:\/\/telebreuleux.ch\/index.php?rest_route=\/wp\/v2\/pages\/515\/revisions"}],"predecessor-version":[{"id":905,"href":"https:\/\/telebreuleux.ch\/index.php?rest_route=\/wp\/v2\/pages\/515\/revisions\/905"}],"wp:attachment":[{"href":"https:\/\/telebreuleux.ch\/index.php?rest_route=%2Fwp%2Fv2%2Fmedia&parent=515"}],"curies":[{"name":"wp","href":"https:\/\/api.w.org\/{rel}","templated":true}]}}