{"id":544,"date":"2018-12-23T10:26:19","date_gmt":"2018-12-23T09:26:19","guid":{"rendered":"https:\/\/www.telebreuleux.ch\/?page_id=544"},"modified":"2025-06-11T11:55:33","modified_gmt":"2025-06-11T09:55:33","slug":"restaurant-in-sommer","status":"publish","type":"page","link":"https:\/\/telebreuleux.ch\/?page_id=544&lang=de","title":{"rendered":"Restaurant im Sommer"},"content":{"rendered":"\t\t<div data-elementor-type=\"wp-post\" data-elementor-id=\"544\" class=\"elementor elementor-544\">\n\t\t\t\t\t\t<section class=\"elementor-section elementor-top-section elementor-element elementor-element-9c4cf9a elementor-section-boxed elementor-section-height-default elementor-section-height-default\" data-id=\"9c4cf9a\" data-element_type=\"section\" data-e-type=\"section\">\n\t\t\t\t\t\t<div class=\"elementor-container elementor-column-gap-default\">\n\t\t\t\t\t<div class=\"elementor-column elementor-col-100 elementor-top-column elementor-element elementor-element-cdd1fab\" data-id=\"cdd1fab\" data-element_type=\"column\" data-e-type=\"column\">\n\t\t\t<div class=\"elementor-widget-wrap elementor-element-populated\">\n\t\t\t\t\t\t<section class=\"elementor-section elementor-inner-section elementor-element elementor-element-206e1f5 elementor-section-boxed elementor-section-height-default elementor-section-height-default\" data-id=\"206e1f5\" data-element_type=\"section\" data-e-type=\"section\">\n\t\t\t\t\t\t<div class=\"elementor-container elementor-column-gap-default\">\n\t\t\t\t\t<div class=\"elementor-column elementor-col-50 elementor-inner-column elementor-element elementor-element-404c430\" data-id=\"404c430\" data-element_type=\"column\" data-e-type=\"column\">\n\t\t\t<div class=\"elementor-widget-wrap elementor-element-populated\">\n\t\t\t\t\t\t<div class=\"elementor-element elementor-element-b0b829c elementor-widget elementor-widget-wp-widget-metaslider_widget\" data-id=\"b0b829c\" data-element_type=\"widget\" data-e-type=\"widget\" data-widget_type=\"wp-widget-metaslider_widget.default\">\n\t\t\t\t<div class=\"elementor-widget-container\">\n\t\t\t\t\t<div id=\"metaslider-id-692\" style=\"max-width: 800px;\" class=\"ml-slider-3-108-0 metaslider metaslider-flex metaslider-692 ml-slider has-dots-nav ms-theme-default\" role=\"region\" aria-label=\"Buvette\" data-height=\"600\" data-width=\"800\">\n    <div id=\"metaslider_container_692\">\n        <div id=\"metaslider_692\">\n            <ul class='slides'>\n                <li style=\"display: block; width: 100%;\" class=\"slide-714 ms-image \" aria-roledescription=\"slide\" data-date=\"2018-12-26 10:45:47\" data-filename=\"ib_p005_0_4-336x252.jpg\" data-slide-type=\"image\"><img fetchpriority=\"high\" decoding=\"async\" src=\"https:\/\/telebreuleux.ch\/wp-content\/uploads\/2018\/12\/ib_p005_0_4-336x252.jpg\" height=\"600\" width=\"800\" alt=\"\" class=\"slider-692 slide-714 msDefaultImage\" title=\"Salle Buvette\" \/><\/li>\n                <li style=\"display: none; width: 100%;\" class=\"slide-716 ms-image \" aria-roledescription=\"slide\" data-date=\"2018-12-26 10:46:17\" data-filename=\"ib_p005_0_2-378x284.jpg\" data-slide-type=\"image\"><img decoding=\"async\" src=\"https:\/\/telebreuleux.ch\/wp-content\/uploads\/2018\/12\/ib_p005_0_2-378x284.jpg\" height=\"600\" width=\"800\" alt=\"\" class=\"slider-692 slide-716 msDefaultImage\" title=\"Buvette\" \/><\/li>\n                <li style=\"display: none; width: 100%;\" class=\"slide-718 ms-image \" aria-roledescription=\"slide\" data-date=\"2018-12-26 10:46:54\" data-filename=\"ib_p001_0_5-2-378x284.jpg\" data-slide-type=\"image\"><img decoding=\"async\" src=\"https:\/\/telebreuleux.ch\/wp-content\/uploads\/2018\/12\/ib_p001_0_5-2-378x284.jpg\" height=\"600\" width=\"800\" alt=\"\" class=\"slider-692 slide-718 msDefaultImage\" title=\"Buvette et piste Telebob &amp; Babylift\" \/><\/li>\n                <li style=\"display: none; width: 100%;\" class=\"slide-765 ms-image \" aria-roledescription=\"slide\" data-date=\"2018-12-26 13:23:19\" data-filename=\"P1020154.jpg\" data-slide-type=\"image\"><img loading=\"lazy\" decoding=\"async\" src=\"https:\/\/telebreuleux.ch\/wp-content\/uploads\/2018\/12\/P1020154.jpg\" height=\"600\" width=\"800\" alt=\"\" class=\"slider-692 slide-765 msDefaultImage\" title=\"Buvette\" \/><\/li>\n                <li style=\"display: none; width: 100%;\" class=\"slide-767 ms-image \" aria-roledescription=\"slide\" data-date=\"2018-12-26 13:23:34\" data-filename=\"P1020153-800x600.jpg\" data-slide-type=\"image\"><img loading=\"lazy\" decoding=\"async\" src=\"https:\/\/telebreuleux.ch\/wp-content\/uploads\/2018\/12\/P1020153-800x600.jpg\" height=\"600\" width=\"800\" alt=\"\" class=\"slider-692 slide-767 msDefaultImage\" title=\"Buvette\" \/><\/li>\n            <\/ul>\n        <\/div>\n        \n    <\/div>\n<\/div>\t\t\t\t<\/div>\n\t\t\t\t<\/div>\n\t\t\t\t\t<\/div>\n\t\t<\/div>\n\t\t\t\t<div class=\"elementor-column elementor-col-50 elementor-inner-column elementor-element elementor-element-73eb5b5\" data-id=\"73eb5b5\" data-element_type=\"column\" data-e-type=\"column\">\n\t\t\t<div class=\"elementor-widget-wrap elementor-element-populated\">\n\t\t\t\t\t\t<div class=\"elementor-element elementor-element-69d6b2e elementor-widget elementor-widget-text-editor\" data-id=\"69d6b2e\" data-element_type=\"widget\" data-e-type=\"widget\" data-widget_type=\"text-editor.default\">\n\t\t\t\t<div class=\"elementor-widget-container\">\n\t\t\t\t\t\t\t\t\t<p class=\"imAlign_justify\"><span style=\"color: #000000;\"><span class=\"ff2 fc5 fs10 fi \">Von April bis Ende November haben Sie die M\u00f6glichkeit\u00a0 das ganze Restaurante (mit oder ohne Schlafsaal) f\u00fcr Familien oder Gruppen, f\u00fcr ein Wochenende oder l\u00e4nger zu mieten. Die drei Schlafs\u00e4\u00e4le bieten Platz f\u00fcr 85 Personen (50\/30\/5).Die zwei Speises\u00e4le k\u00f6nnen bis 150 Personen Total aufnehmen.<br \/>Grosse Terrasse, ein Grillplatz und Parkplatz stehen zur Verf\u00fcgung. Nicht weit vom Restaurante ist das Freiheitszentrum Centre de loisirs des Franches-Montagnes (Schwimmbad, Fitness, uzw) und ganz in der N\u00e4he liegt ein idylischer See im Naturschutzgebiet. Golfplatz, Kletterfelsen, der Fluss \u00ab\u00a0Le Doubs\u00a0\u00bb , alles ganz schnell zu erreichen und komplettieren das Freizeitangebot. F\u00fcr Sportgruppen h\u00e4lt die Umgebung VTT Pisten, Wanderwege und Reitwege bereit. Der Windr\u00e4der- Park , eine technische Atraktion der Region , ist in 15 Min. zu Fuss erreichbar.<br \/>Reservierung direkt \u00fcber<\/span> <span class=\"ff2 fc2 fs12 fb fi \"><a class=\"ImLink\" style=\"color: #000000;\" title=\"\" href=\"mailto:buvette@telebreuleux.ch\"> buvette@telebreuleux.ch<\/a><\/span> <span class=\"ff2 fc5 fs10 fi \">oder ansprechtpartner Herr Claude Rebetez<\/span> <span class=\"ff2 fc2 fs10 fb fi \">+41 (032) 954 14 93<\/span><\/span><span class=\"ff3 fc2 fs6 \"> <br \/><\/span><\/p>\t\t\t\t\t\t\t\t<\/div>\n\t\t\t\t<\/div>\n\t\t\t\t\t<\/div>\n\t\t<\/div>\n\t\t\t\t\t<\/div>\n\t\t<\/section>\n\t\t\t\t\t<\/div>\n\t\t<\/div>\n\t\t\t\t\t<\/div>\n\t\t<\/section>\n\t\t\t\t<section class=\"elementor-section elementor-top-section elementor-element elementor-element-58a1b7e elementor-section-boxed elementor-section-height-default elementor-section-height-default\" data-id=\"58a1b7e\" data-element_type=\"section\" data-e-type=\"section\">\n\t\t\t\t\t\t<div class=\"elementor-container elementor-column-gap-default\">\n\t\t\t\t\t<div class=\"elementor-column elementor-col-100 elementor-top-column elementor-element elementor-element-8bd92da\" data-id=\"8bd92da\" data-element_type=\"column\" data-e-type=\"column\">\n\t\t\t<div class=\"elementor-widget-wrap elementor-element-populated\">\n\t\t\t\t\t\t<section class=\"elementor-section elementor-inner-section elementor-element elementor-element-4430c89 elementor-section-boxed elementor-section-height-default elementor-section-height-default\" data-id=\"4430c89\" data-element_type=\"section\" data-e-type=\"section\">\n\t\t\t\t\t\t<div class=\"elementor-container elementor-column-gap-default\">\n\t\t\t\t\t<div class=\"elementor-column elementor-col-50 elementor-inner-column elementor-element elementor-element-6c37f3b\" data-id=\"6c37f3b\" data-element_type=\"column\" data-e-type=\"column\">\n\t\t\t<div class=\"elementor-widget-wrap elementor-element-populated\">\n\t\t\t\t\t\t<div class=\"elementor-element elementor-element-f34a1c6 elementor-widget elementor-widget-text-editor\" data-id=\"f34a1c6\" data-element_type=\"widget\" data-e-type=\"widget\" data-widget_type=\"text-editor.default\">\n\t\t\t\t<div class=\"elementor-widget-container\">\n\t\t\t\t\t\t\t\t\t<h4><span style=\"color: #000000;\">Tagestarif<\/span><\/h4>\n<p><!-- \/wp:tadv\/classic-paragraph --><!-- wp:tadv\/classic-paragraph --><\/p>\n<table style=\"border-style: solid; border-color: #000000;\">\n<tbody>\n<tr>\n<td><span style=\"color: #000000;\">Ohne Schlafsaal<\/span><\/td>\n<td style=\"text-align: right;\"><span style=\"color: #000000;\">230.00<\/span><\/td>\n<\/tr>\n<tr>\n<td><span style=\"color: #000000;\">Mit einem Schlafsaal<br \/><\/span><\/td>\n<td style=\"text-align: right;\"><span style=\"color: #000000;\">290.00<\/span><\/td>\n<\/tr>\n<tr>\n<td><span style=\"color: #000000;\">Mit zwei\u00a0 Schlafs\u00e4\u00e4le<br \/><\/span><\/td>\n<td style=\"text-align: right;\"><span style=\"color: #000000;\">350.00<\/span><\/td>\n<\/tr>\n<\/tbody>\n<\/table>\n<p><!-- \/wp:tadv\/classic-paragraph --><!-- wp:tadv\/classic-paragraph --><\/p>\t\t\t\t\t\t\t\t<\/div>\n\t\t\t\t<\/div>\n\t\t\t\t\t<\/div>\n\t\t<\/div>\n\t\t\t\t<div class=\"elementor-column elementor-col-50 elementor-inner-column elementor-element elementor-element-673be86\" data-id=\"673be86\" data-element_type=\"column\" data-e-type=\"column\">\n\t\t\t<div class=\"elementor-widget-wrap elementor-element-populated\">\n\t\t\t\t\t\t<div class=\"elementor-element elementor-element-2a0dcb0 elementor-widget elementor-widget-text-editor\" data-id=\"2a0dcb0\" data-element_type=\"widget\" data-e-type=\"widget\" data-widget_type=\"text-editor.default\">\n\t\t\t\t<div class=\"elementor-widget-container\">\n\t\t\t\t\t\t\t\t\t<h4><span style=\"color: #000000;\">Wochentarif (So-Fr)<\/span><\/h4>\n<p><!-- \/wp:tadv\/classic-paragraph --><!-- wp:tadv\/classic-paragraph --><\/p>\n<table style=\"border-style: solid; border-color: #000000; height: 84px;\">\n<tbody>\n<tr style=\"height: 21px;\">\n<td style=\"height: 21px; width: 424.483px;\"><span style=\"color: #000000;\">3 Tage<br \/><\/span><\/td>\n<td style=\"height: 21px; width: 122.517px;\"><span style=\"color: #000000;\">660.00<\/span><\/td>\n<\/tr>\n<tr style=\"height: 21px;\">\n<td style=\"height: 21px; width: 424.483px;\"><span style=\"color: #000000;\">4 Tage<br \/><\/span><\/td>\n<td style=\"height: 21px; width: 122.517px;\"><span style=\"color: #000000;\">860.00<\/span><\/td>\n<\/tr>\n<tr style=\"height: 21px;\">\n<td style=\"height: 21px; width: 424.483px;\"><span style=\"color: #000000;\">5 Tage<br \/><\/span><\/td>\n<td style=\"height: 21px; width: 122.517px;\"><span style=\"color: #000000;\">1060.00<\/span><\/td>\n<\/tr>\n<tr style=\"height: 21px;\">\n<td style=\"height: 21px; width: 424.483px;\"><span style=\"color: #000000;\">1 ganze Woche (Mo-Fr \/ Sa-So)<\/span><\/td>\n<td style=\"height: 21px; width: 122.517px;\"><span style=\"color: #000000;\">1500.00<\/span><\/td>\n<\/tr>\n<\/tbody>\n<\/table>\t\t\t\t\t\t\t\t<\/div>\n\t\t\t\t<\/div>\n\t\t\t\t\t<\/div>\n\t\t<\/div>\n\t\t\t\t\t<\/div>\n\t\t<\/section>\n\t\t\t\t\t<\/div>\n\t\t<\/div>\n\t\t\t\t\t<\/div>\n\t\t<\/section>\n\t\t\t\t<section class=\"elementor-section elementor-top-section elementor-element elementor-element-41e89e5 elementor-section-boxed elementor-section-height-default elementor-section-height-default\" data-id=\"41e89e5\" data-element_type=\"section\" data-e-type=\"section\">\n\t\t\t\t\t\t<div class=\"elementor-container elementor-column-gap-default\">\n\t\t\t\t\t<div class=\"elementor-column elementor-col-100 elementor-top-column elementor-element elementor-element-b773d0a\" data-id=\"b773d0a\" data-element_type=\"column\" data-e-type=\"column\">\n\t\t\t<div class=\"elementor-widget-wrap elementor-element-populated\">\n\t\t\t\t\t\t<section class=\"elementor-section elementor-inner-section elementor-element elementor-element-1a80549 elementor-section-boxed elementor-section-height-default elementor-section-height-default\" data-id=\"1a80549\" data-element_type=\"section\" data-e-type=\"section\">\n\t\t\t\t\t\t<div class=\"elementor-container elementor-column-gap-default\">\n\t\t\t\t\t<div class=\"elementor-column elementor-col-50 elementor-inner-column elementor-element elementor-element-3c8e1cb\" data-id=\"3c8e1cb\" data-element_type=\"column\" data-e-type=\"column\">\n\t\t\t<div class=\"elementor-widget-wrap elementor-element-populated\">\n\t\t\t\t\t\t<div class=\"elementor-element elementor-element-6fe0ca4 elementor-widget elementor-widget-text-editor\" data-id=\"6fe0ca4\" data-element_type=\"widget\" data-e-type=\"widget\" data-widget_type=\"text-editor.default\">\n\t\t\t\t<div class=\"elementor-widget-container\">\n\t\t\t\t\t\t\t\t\t<!-- wp:tadv\/classic-paragraph --><!-- \/wp:tadv\/classic-paragraph --><!-- wp:image {\"id\":499} -->\n<figure class=\"wp-block-image\"><\/figure>\n<!-- \/wp:image --><!-- wp:tadv\/classic-paragraph --><!-- \/wp:tadv\/classic-paragraph --><!-- wp:tadv\/classic-paragraph --><!-- \/wp:tadv\/classic-paragraph --><!-- wp:tadv\/classic-paragraph --><!-- \/wp:tadv\/classic-paragraph --><!-- wp:tadv\/classic-paragraph --><!-- \/wp:tadv\/classic-paragraph --><!-- wp:tadv\/classic-paragraph --><!-- \/wp:tadv\/classic-paragraph --><!-- wp:tadv\/classic-paragraph -->\n<p><span style=\"color: #000000;\">Unsere Tariefe sind in Schweizerfranken. Euro werden nach dem Tageskurs verrechnet. <br \/><\/span><\/p>\n<p><span style=\"color: #ff0000;\"><strong>Im Preis ist nicht inbegriffen :<\/strong><\/span> <span style=\"color: #000000;\">Elektrizit\u00e4t, Telefon, Heizung und eventuelle Reinigung.<\/span><\/p>\n<!-- \/wp:tadv\/classic-paragraph -->\t\t\t\t\t\t\t\t<\/div>\n\t\t\t\t<\/div>\n\t\t\t\t\t<\/div>\n\t\t<\/div>\n\t\t\t\t<div class=\"elementor-column elementor-col-50 elementor-inner-column elementor-element elementor-element-9515d6a\" data-id=\"9515d6a\" data-element_type=\"column\" data-e-type=\"column\">\n\t\t\t<div class=\"elementor-widget-wrap elementor-element-populated\">\n\t\t\t\t\t\t<div class=\"elementor-element elementor-element-4fccdf7 elementor-widget elementor-widget-image\" data-id=\"4fccdf7\" data-element_type=\"widget\" data-e-type=\"widget\" data-widget_type=\"image.default\">\n\t\t\t\t<div class=\"elementor-widget-container\">\n\t\t\t\t\t\t\t\t\t\t\t\t\t\t\t<img loading=\"lazy\" decoding=\"async\" width=\"379\" height=\"343\" src=\"https:\/\/telebreuleux.ch\/wp-content\/uploads\/2018\/12\/Personnage-T\u00e9l\u00e9ski-SA-Les-Breuleux-Et\u00e9.jpg\" class=\"attachment-large size-large wp-image-814\" alt=\"\" srcset=\"https:\/\/telebreuleux.ch\/wp-content\/uploads\/2018\/12\/Personnage-T\u00e9l\u00e9ski-SA-Les-Breuleux-Et\u00e9.jpg 379w, https:\/\/telebreuleux.ch\/wp-content\/uploads\/2018\/12\/Personnage-T\u00e9l\u00e9ski-SA-Les-Breuleux-Et\u00e9-300x272.jpg 300w\" sizes=\"(max-width: 379px) 100vw, 379px\" \/>\t\t\t\t\t\t\t\t\t\t\t\t\t\t\t<\/div>\n\t\t\t\t<\/div>\n\t\t\t\t\t<\/div>\n\t\t<\/div>\n\t\t\t\t\t<\/div>\n\t\t<\/section>\n\t\t\t\t\t<\/div>\n\t\t<\/div>\n\t\t\t\t\t<\/div>\n\t\t<\/section>\n\t\t\t\t<section class=\"elementor-section elementor-top-section elementor-element elementor-element-5f23f53 elementor-section-boxed elementor-section-height-default elementor-section-height-default\" data-id=\"5f23f53\" data-element_type=\"section\" data-e-type=\"section\">\n\t\t\t\t\t\t<div class=\"elementor-container elementor-column-gap-default\">\n\t\t\t\t\t<div class=\"elementor-column elementor-col-100 elementor-top-column elementor-element elementor-element-5534907\" data-id=\"5534907\" data-element_type=\"column\" data-e-type=\"column\">\n\t\t\t<div class=\"elementor-widget-wrap elementor-element-populated\">\n\t\t\t\t\t\t<div class=\"elementor-element elementor-element-d5e5b44 elementor-widget elementor-widget-heading\" data-id=\"d5e5b44\" data-element_type=\"widget\" data-e-type=\"widget\" data-widget_type=\"heading.default\">\n\t\t\t\t<div class=\"elementor-widget-container\">\n\t\t\t\t\t<h2 class=\"elementor-heading-title elementor-size-default\">Reservierungskalender<\/h2>\t\t\t\t<\/div>\n\t\t\t\t<\/div>\n\t\t\t\t<div class=\"elementor-element elementor-element-9645dba elementor-widget elementor-widget-shortcode\" data-id=\"9645dba\" data-element_type=\"widget\" data-e-type=\"widget\" data-widget_type=\"shortcode.default\">\n\t\t\t\t<div class=\"elementor-widget-container\">\n\t\t\t\t\t\t\t<div class=\"elementor-shortcode\"><iframe src=\"https:\/\/calendar.google.com\/calendar\/embed?height=600&wkst=2&bgcolor=%23ffffff&ctz=Europe%2FZurich&src=c2MzOWowMDA3aXZyZ2wzbzh0NmxsYm1pNHNAZ3JvdXAuY2FsZW5kYXIuZ29vZ2xlLmNvbQ&color=%23D50000\" style=\"border:solid 1px #777\" width=\"800\" height=\"600\" frameborder=\"0\" scrolling=\"no\"><\/iframe><\/div>\n\t\t\t\t\t\t<\/div>\n\t\t\t\t<\/div>\n\t\t\t\t\t<\/div>\n\t\t<\/div>\n\t\t\t\t\t<\/div>\n\t\t<\/section>\n\t\t\t\t<\/div>\n\t\t","protected":false},"excerpt":{"rendered":"<p>Von April bis Ende November haben Sie die M\u00f6glichkeit\u00a0 das ganze Restaurante (mit oder ohne Schlafsaal) f\u00fcr Familien oder Gruppen, f\u00fcr ein Wochenende oder l\u00e4nger zu mieten. Die drei Schlafs\u00e4\u00e4le bieten Platz f\u00fcr 85 Personen (50\/30\/5).Die zwei Speises\u00e4le k\u00f6nnen bis 150 Personen Total aufnehmen.Grosse Terrasse, ein Grillplatz und Parkplatz stehen&hellip;<\/p>\n<p class=\"more-link-wrapper\"><a class=\"more-link\" href=\"https:\/\/telebreuleux.ch\/?page_id=544&#038;lang=de\">Read More<\/a><\/p>\n","protected":false},"author":1,"featured_media":0,"parent":0,"menu_order":0,"comment_status":"closed","ping_status":"closed","template":"","meta":{"footnotes":""},"class_list":["post-544","page","type-page","status-publish","hentry"],"_links":{"self":[{"href":"https:\/\/telebreuleux.ch\/index.php?rest_route=\/wp\/v2\/pages\/544","targetHints":{"allow":["GET"]}}],"collection":[{"href":"https:\/\/telebreuleux.ch\/index.php?rest_route=\/wp\/v2\/pages"}],"about":[{"href":"https:\/\/telebreuleux.ch\/index.php?rest_route=\/wp\/v2\/types\/page"}],"author":[{"embeddable":true,"href":"https:\/\/telebreuleux.ch\/index.php?rest_route=\/wp\/v2\/users\/1"}],"replies":[{"embeddable":true,"href":"https:\/\/telebreuleux.ch\/index.php?rest_route=%2Fwp%2Fv2%2Fcomments&post=544"}],"version-history":[{"count":25,"href":"https:\/\/telebreuleux.ch\/index.php?rest_route=\/wp\/v2\/pages\/544\/revisions"}],"predecessor-version":[{"id":3585,"href":"https:\/\/telebreuleux.ch\/index.php?rest_route=\/wp\/v2\/pages\/544\/revisions\/3585"}],"wp:attachment":[{"href":"https:\/\/telebreuleux.ch\/index.php?rest_route=%2Fwp%2Fv2%2Fmedia&parent=544"}],"curies":[{"name":"wp","href":"https:\/\/api.w.org\/{rel}","templated":true}]}}